{"id":14692,"date":"2016-08-08T16:39:17","date_gmt":"2016-08-08T14:39:17","guid":{"rendered":"http:\/\/www.carlocini.com\/test\/bozzetti\/en\/?page_id=14692"},"modified":"2024-08-02T15:53:18","modified_gmt":"2024-08-02T13:53:18","slug":"comune-di-milano","status":"publish","type":"page","link":"https:\/\/www.giovannibozzetti.it\/en\/the-facts\/comune-di-milano\/","title":{"rendered":"Comune di Milano"},"content":{"rendered":"<p><div class=\"fusion-fullwidth fullwidth-box fusion-builder-row-1 nonhundred-percent-fullwidth non-hundred-percent-height-scrolling\" style=\"--awb-background-position:left top;--awb-border-sizes-top:0px;--awb-border-sizes-bottom:0px;--awb-border-sizes-left:0px;--awb-border-sizes-right:0px;--awb-border-radius-top-left:0px;--awb-border-radius-top-right:0px;--awb-border-radius-bottom-right:0px;--awb-border-radius-bottom-left:0px;--awb-padding-top:60px;--awb-padding-bottom:20px;--awb-flex-wrap:wrap;\" ><div class=\"fusion-builder-row fusion-row\"><div class=\"fusion-layout-column fusion_builder_column fusion-builder-column-0 fusion_builder_column_1_3 1_3 fusion-one-third fusion-column-first\" style=\"--awb-bg-size:cover;width:30.6666%; margin-right: 4%;\"><div class=\"fusion-column-wrapper fusion-flex-column-wrapper-legacy\"><div class=\"fusion-image-element fusion-image-align-center in-legacy-container\" style=\"text-align:center;--awb-caption-title-font-family:var(--h2_typography-font-family);--awb-caption-title-font-weight:var(--h2_typography-font-weight);--awb-caption-title-font-style:var(--h2_typography-font-style);--awb-caption-title-size:var(--h2_typography-font-size);--awb-caption-title-transform:var(--h2_typography-text-transform);--awb-caption-title-line-height:var(--h2_typography-line-height);--awb-caption-title-letter-spacing:var(--h2_typography-letter-spacing);\"><div class=\"imageframe-align-center\"><span class=\" fusion-imageframe imageframe-none imageframe-1 hover-type-none\"><img decoding=\"async\" src=\"data:image\/gif;base64,R0lGODlhAQABAAAAACH5BAEKAAEALAAAAAABAAEAAAICTAEAOw==\" data-orig-src=\"http:\/\/giovannibozzetti.it\/wp-content\/uploads\/2016\/02\/logoComune.jpg\" alt class=\"lazyload img-responsive\"\/><\/span><\/div><\/div><div class=\"fusion-clearfix\"><\/div><\/div><\/div><div class=\"fusion-layout-column fusion_builder_column fusion-builder-column-1 fusion_builder_column_2_3 2_3 fusion-two-third fusion-column-last\" style=\"--awb-bg-size:cover;width:65.3333%;\"><div class=\"fusion-column-wrapper fusion-flex-column-wrapper-legacy\"><div class=\"fusion-title title fusion-title-1 fusion-sep-none fusion-title-text fusion-title-size-two\"><h2 class=\"fusion-title-heading title-heading-left fusion-responsive-typography-calculated\" style=\"margin:0;--fontSize:24;line-height:1;\">TOWN COUNCILLOR<\/h2><\/div><div class=\"fusion-text fusion-text-1\"><p><span class=\"fusion-dropcap dropcap\">D<\/span>uring my experience as town councillor with Albertini\u2019s Committee I started a number of initiatives to improve the city significantly and, above all, to spread a shared sense of belonging to Milan. In fact, I launched an intense enterprise aimed at loving even more this wonderful and inspiring city providing the slogan \u201cI LOVE MILAN\u201d.<\/p>\n<\/div><div class=\"fusion-clearfix\"><\/div><\/div><\/div><div class=\"fusion-layout-column fusion_builder_column fusion-builder-column-2 fusion_builder_column_1_1 1_1 fusion-one-full fusion-column-first fusion-column-last fusion-column-no-min-height\" style=\"--awb-bg-size:cover;--awb-margin-bottom:0px;\"><div class=\"fusion-column-wrapper fusion-flex-column-wrapper-legacy\"><div class=\"accordian fusion-accordian\" style=\"--awb-border-size:1px;--awb-icon-size:16px;--awb-content-font-size:14px;--awb-icon-alignment:left;--awb-hover-color:var(--awb-color2);--awb-border-color:var(--awb-color3);--awb-background-color:var(--awb-color1);--awb-divider-color:#e0dede;--awb-divider-hover-color:#e0dede;--awb-icon-color:var(--awb-color1);--awb-title-color:#303335;--awb-content-color:#747474;--awb-icon-box-color:#565b5f;--awb-toggle-hover-accent-color:#22abe4;--awb-title-font-family:&quot;Playfair Display SC&quot;;--awb-title-font-weight:400;--awb-title-font-style:normal;--awb-content-font-family:&#039;Palatino Linotype&#039;, &#039;Book Antiqua&#039;, Palatino, serif;--awb-content-font-style:normal;--awb-content-font-weight:400;\"><div class=\"panel-group fusion-toggle-icon-boxed\" id=\"accordion-14692-1\"><div class=\"fusion-panel panel-default panel-9f5f97604f97023b6 fusion-toggle-no-divider\"><div class=\"panel-heading\"><h4 class=\"panel-title toggle\" id=\"toggle_9f5f97604f97023b6\"><a aria-expanded=\"false\" aria-controls=\"9f5f97604f97023b6\" role=\"button\" data-toggle=\"collapse\" data-parent=\"#accordion-14692-1\" data-target=\"#9f5f97604f97023b6\" href=\"#9f5f97604f97023b6\"><span class=\"fusion-toggle-icon-wrapper\" aria-hidden=\"true\"><i class=\"fa-fusion-box active-icon awb-icon-minus\" aria-hidden=\"true\"><\/i><i class=\"fa-fusion-box inactive-icon awb-icon-plus\" aria-hidden=\"true\"><\/i><\/span><span class=\"fusion-toggle-heading\">Continue Reading<\/span><\/a><\/h4><\/div><div id=\"9f5f97604f97023b6\" class=\"panel-collapse collapse \" aria-labelledby=\"toggle_9f5f97604f97023b6\"><div class=\"panel-body toggle-content fusion-clearfix\"><img decoding=\"async\" class=\"lazyload size-full wp-image-12334 alignleft\" src=\"http:\/\/giovannibozzetti.it\/wp-content\/uploads\/2016\/02\/IoAmoMilano.jpg\" data-orig-src=\"http:\/\/giovannibozzetti.it\/wp-content\/uploads\/2016\/02\/IoAmoMilano.jpg\" alt=\"IoAmoMilano\" width=\"160\" height=\"148\" srcset=\"data:image\/svg+xml,%3Csvg%20xmlns%3D%27http%3A%2F%2Fwww.w3.org%2F2000%2Fsvg%27%20width%3D%27160%27%20height%3D%27148%27%20viewBox%3D%270%200%20160%20148%27%3E%3Crect%20width%3D%27160%27%20height%3D%27148%27%20fill-opacity%3D%220%22%2F%3E%3C%2Fsvg%3E\" data-srcset=\"https:\/\/www.giovannibozzetti.it\/wp-content\/uploads\/2016\/02\/IoAmoMilano-24x22.jpg 24w, https:\/\/www.giovannibozzetti.it\/wp-content\/uploads\/2016\/02\/IoAmoMilano-36x33.jpg 36w, https:\/\/www.giovannibozzetti.it\/wp-content\/uploads\/2016\/02\/IoAmoMilano-48x44.jpg 48w, https:\/\/www.giovannibozzetti.it\/wp-content\/uploads\/2016\/02\/IoAmoMilano.jpg 160w\" data-sizes=\"auto\" data-orig-sizes=\"(max-width: 160px) 100vw, 160px\" \/>I tried to use this slogan to provoke greater love and pride towards Milan. This city has undoubtedly got problems and criticalities (such as pollution, traffic, intolerable writings on public walls, lack of green space, etc&#8230;), but I think that trying to solve them with determination must not have us forget to promote our city\u2019s excellencies:<\/p>\n<ul>\n<li>DESIGN<br \/>\nIt spreads around the world the image of a city keen on style and on the improvement of the environment we live in; represents a strategic value in a market that rewards identity and appeal to the detriment of standardisation; celebrates its success in two major appointment of international significance (the \u201cSalone del Mobile\u201d and the \u201cCompasso d\u2019Oro\u201d) and thanks to a museum facility entirely devoted to it (the \u201cTriennale\u201d).<\/li>\n<li>FASHION<br \/>\nIt represents the second industry in our Country, with its 800.000 operators and a conspicuous surplus in the commercial balance of payments; It is a leading sector of Milanese economy, with regard both to employment and economic income in several sectors (tourism, transport, commerce and services; It creates an important link between Milan and the related sector associations, such as Camera Nazionale della Moda, Associazione Tessile Italiana, Sistema Moda Italia, ANCI, AIMPES, etc; It promotes young people through different schools and events (e.g. \u201cMilano studia la moda\u201d).<\/li>\n<li>EXHIBITION<br \/>\nIt is the major European exhibition centre as far as extension is concerned. Its first class size, innovative technological equipment, and Massimiliano Fuksas\u2019 flexible design make it aesthetically captivating and structurally efficient.<\/li>\n<li>AIRPORT AND TRANSPORT<br \/>\nBecause of its historical position in the centre of European flows, Milan benefits by an efficient airport network composed of an international hub in Malpensa, a city airport in Linate and the Bergamo-Orio al Serio airport, mainly used by low-cost airlines, tour-operators and charter flights.<br \/>\nThe traffic is favoured by orbital roads serving the whole city and from which several motorways link Milan to other cities (A4 to Turin or Venice, A7 to Genoa, A1 to Bologna-Rome, A9 to Como, and A8 to Varese).<br \/>\nAn efficient railway network revolving around Stazione Centrale and Cadorna, both depending on Ferrovie Nord, allows commuting and last minutes travels, while caring for environmental impact issues.<\/li>\n<li>UNIVERSITY AND RESEARCH<br \/>\nUniversities are reference points for the whole Italian education sector. They represent tradition, thanks to the historical faculties, but they also look into the future and are focused on innovation with the purpose of creating new professions. Milan is also the Italian capital of scientific research, both on a public and a private level, with a significant concentration of research centres and is a leader in patenting<\/li>\n<li>MUSEUMS AND EXHIBITIONS<br \/>\nMilan is one of Europe\u2019s most important exhibition centre, thanks to its space availability (more than five thousand square metres) and to the cultural quality of the events. The museum excellencies, such as the Castello Sforzesco, the Palazzo Reale and the new Museo del Novecento, the Museum of Natural History, the Pinacoteca Ambrosiana, the Pinacoteca di Brera, S. Maria delle Grazie (housing \u201cThe Last Supper\u201d), the Palazzo della Triennale, the Contemporary Art Pavilion, the Rotonda della Besana are famous worldwide.<\/li>\n<li>THEATRES<br \/>\nMilano is the world capital of Opera. Some of its theatre companies (for example Teatro alla Scala\u2019s, Piccolo\u2019s and Orchestra Verdi) tour abroad annually.<\/li>\n<li>MUSIC<br \/>\nAside from it being the headquarters of the Teatro alla Scala, Milan has a lot to offer music-wise: classical, opera, musicals, pop\/rock and jazz. The prestigious music schools, like the Conservatorio Giuseppe Verdi and the Accademia Internazionale della Musica, draw the attention of aspiring musicians. Milan also houses the most important national music labels. Theatres are not the only places where to enjoy music: there are a lot of venues which provide the citizens with interesting offers. These include the Assago Forum (from 4,000 to 11,000 seats), the Palasharp (from 4,500 to 6,000), the Piazza del Duomo, the San Siro stadium and the Civic Arena<\/li>\n<li>PUBLISHING AND COMMUNICATION<br \/>\nMilan is also the Italian capital of publishing, contributing to the intellectual growth of the Country. The main national operators and the correspondent for the principal international operators are located in the city. The Corriere della Sera is the most important Italian newspaper, and Milanese are other important newspapers with a strong circulation throughout the national territory. The two most important financial publishing groups can also be found in Milan, as well as the press specialised in fashion, design and tourism. Furthermore, the province of Milan is the headquarters of the most important Italian private television group. Milan is also the most cabled city in Italy.<\/li>\n<li>SPORT<br \/>\nIn the city several International events take place, such as the Giro d\u2019Italia, the Stramilano, the Marathon, the Grand Prix IAAF Atletica Leggera, a leg of the Beach Volleyball World Tour and the Formula 1 Italian Grand Prix in the near Monza. Milano also houses the most prestigious football, volleyball and basketball teams.<\/li>\n<li>ECONOMY AND FINANCE<br \/>\nMilan represents the economic and financial engine of the Country. The Stock Exchange and the main Italian banks are located in the city and companies (especially in the tertiary sector) are considerably increasing.<\/li>\n<li>ENTERTAINMENT<br \/>\nThe most vibrant areas are the city centre and the Brera and Navigli districts. The latter offers a number of pubs along the banks of the canals. The Isola-Garibaldi district, in north-west Milan, has recently seen the birth of various alternative spaces which attract fashion, design and entertainment. A prestigious duo involving stylish clubs and famous brands has been fashionable for quite some time (Just Cavalli, Armani Priv\u00e8, Marino alla Scala-Trussardi, Bulgari, Gucci Caff\u00e8, Dolce e Gabbana-Martini). Milanese discotheques and happy hours are the trendiest in Europe. The restaurant industry is also a thriving sector. 80 movie theatres sell 7 million tickets in almost 29 thousand shows a year.<\/li>\n<\/ul>\n<\/div><\/div><\/div><\/div><\/div><div class=\"fusion-clearfix\"><\/div><\/div><\/div><\/div><\/div><div class=\"fusion-fullwidth fullwidth-box fusion-builder-row-2 container_iniz nonhundred-percent-fullwidth non-hundred-percent-height-scrolling fusion-equal-height-columns\" style=\"--awb-background-position:left top;--awb-border-sizes-top:0px;--awb-border-sizes-bottom:0px;--awb-border-sizes-left:0px;--awb-border-sizes-right:0px;--awb-border-radius-top-left:0px;--awb-border-radius-top-right:0px;--awb-border-radius-bottom-right:0px;--awb-border-radius-bottom-left:0px;--awb-padding-top:20px;--awb-padding-bottom:20px;--awb-flex-wrap:wrap;\" ><div class=\"fusion-builder-row fusion-row\"><div class=\"fusion-layout-column fusion_builder_column fusion-builder-column-3 fusion_builder_column_1_1 1_1 fusion-one-full fusion-column-first fusion-column-last fusion-column-no-min-height\" style=\"--awb-bg-size:cover;--awb-margin-bottom:0px;\"><div class=\"fusion-column-wrapper fusion-flex-column-wrapper-legacy\"><div class=\"fusion-text fusion-text-2\"><h2 style=\"text-align: center; font-size: 30px; line-height: 40px;\">Initiatives<\/h2>\n<\/div><div class=\"fusion-sep-clear\"><\/div><div class=\"fusion-separator fusion-has-icon sec_separat\" style=\"margin-left: auto;margin-right: auto;margin-bottom:60px;width:100%;max-width:65%;\"><div class=\"fusion-separator-border sep-single sep-solid\" style=\"--awb-height:20px;--awb-amount:20px;--awb-sep-color:#565b5f;border-color:#565b5f;border-top-width:1px;\"><\/div><span class=\"icon-wrapper\" style=\"border-color:transparent;font-size:14px;width: 1.75em; height: 1.75em;border-width:1px;padding:1px;margin-top:-0.5px\"><i class=\" fa fa-stop\" style=\"font-size: inherit;color:#565b5f;\" aria-hidden=\"true\"><\/i><\/span><div class=\"fusion-separator-border sep-single sep-solid\" style=\"--awb-height:20px;--awb-amount:20px;--awb-sep-color:#565b5f;border-color:#565b5f;border-top-width:1px;\"><\/div><\/div><div class=\"fusion-sep-clear\"><\/div><div class=\"fusion-clearfix\"><\/div><\/div><\/div><div class=\"fusion-layout-column fusion_builder_column fusion-builder-column-4 fusion_builder_column_1_6 1_6 fusion-one-sixth fusion-column-first fusion-no-small-visibility\" style=\"--awb-bg-size:cover;width:13.3333%; margin-right: 4%;\"><div class=\"fusion-column-wrapper fusion-flex-column-wrapper-legacy\"><div class=\"fusion-clearfix\"><\/div><\/div><\/div><div class=\"fusion-layout-column fusion_builder_column fusion-builder-column-5 fusion_builder_column_1_4 1_4 fusion-one-fourth\" style=\"--awb-bg-size:cover;width:22%; margin-right: 4%;\"><div class=\"fusion-column-wrapper fusion-flex-column-wrapper-legacy\"><div class=\"fusion-align-block\"><a class=\"fusion-button button-flat button-large button-custom fusion-button-default button-1 fusion-button-span-yes iniziativa\" style=\"--button_accent_color:#ffffff;--button_accent_hover_color:#ffffff;--button_border_hover_color:#ffffff;--button_border_width-top:0px;--button_border_width-right:0px;--button_border_width-bottom:0px;--button_border_width-left:0px;--button_gradient_top_color:#565b5f;--button_gradient_bottom_color:#565b5f;--button_gradient_top_color_hover:#22abe4;--button_gradient_bottom_color_hover:#22abe4;\" target=\"_self\" href=\"#\" data-toggle=\"modal\" data-target=\".fusion-modal.iniziativa_grandi\"><span class=\"fusion-button-text\">Great Events<\/span><i class=\" fa fa-chevron-right button-icon-right\" aria-hidden=\"true\"><\/i><\/a><\/div><div class=\"fusion-clearfix\"><\/div><\/div><\/div><div class=\"fusion-layout-column fusion_builder_column fusion-builder-column-6 fusion_builder_column_1_4 1_4 fusion-one-fourth\" style=\"--awb-bg-size:cover;width:22%; margin-right: 4%;\"><div class=\"fusion-column-wrapper fusion-flex-column-wrapper-legacy\"><div class=\"fusion-align-block\"><a class=\"fusion-button button-flat button-large button-custom fusion-button-default button-2 fusion-button-span-yes iniziativa\" style=\"--button_accent_color:#ffffff;--button_accent_hover_color:#ffffff;--button_border_hover_color:#ffffff;--button_border_width-top:0px;--button_border_width-right:0px;--button_border_width-bottom:0px;--button_border_width-left:0px;--button_gradient_top_color:#565b5f;--button_gradient_bottom_color:#565b5f;--button_gradient_top_color_hover:#22abe4;--button_gradient_bottom_color_hover:#22abe4;\" target=\"_self\" href=\"#\" data-toggle=\"modal\" data-target=\".fusion-modal.iniziativa_moda\"><span class=\"fusion-button-text\">Fashion<\/span><i class=\" fa fa-chevron-right button-icon-right\" aria-hidden=\"true\"><\/i><\/a><\/div><div class=\"fusion-clearfix\"><\/div><\/div><\/div><div class=\"fusion-layout-column fusion_builder_column fusion-builder-column-7 fusion_builder_column_1_4 1_4 fusion-one-fourth\" style=\"--awb-bg-size:cover;width:22%; margin-right: 4%;\"><div class=\"fusion-column-wrapper fusion-flex-column-wrapper-legacy\"><div class=\"fusion-align-block\"><a class=\"fusion-button button-flat button-large button-custom fusion-button-default button-3 fusion-button-span-yes iniziativa\" style=\"--button_accent_color:#ffffff;--button_accent_hover_color:#ffffff;--button_border_hover_color:#ffffff;--button_border_width-top:0px;--button_border_width-right:0px;--button_border_width-bottom:0px;--button_border_width-left:0px;--button_gradient_top_color:#565b5f;--button_gradient_bottom_color:#565b5f;--button_gradient_top_color_hover:#22abe4;--button_gradient_bottom_color_hover:#22abe4;\" target=\"_self\" href=\"#\" data-toggle=\"modal\" data-target=\".fusion-modal.iniziativa_turismo\"><span class=\"fusion-button-text\">Tourism<\/span><i class=\" fa fa-chevron-right button-icon-right\" aria-hidden=\"true\"><\/i><\/a><\/div><div class=\"fusion-clearfix\"><\/div><\/div><\/div><div class=\"fusion-layout-column fusion_builder_column fusion-builder-column-8 fusion_builder_column_1_1 1_1 fusion-one-full fusion-column-last fusion-column-no-min-height\" style=\"--awb-bg-size:cover;--awb-margin-bottom:0px;\"><div class=\"fusion-column-wrapper fusion-flex-column-wrapper-legacy\"><div class=\"fusion-modal modal fade modal-1 iniziativa_grandi\" tabindex=\"-1\" role=\"dialog\" aria-labelledby=\"modal-heading-1\" aria-hidden=\"true\" style=\"--awb-border-color:#ebebeb;--awb-background:#ffffff;\"><div class=\"modal-dialog modal-lg\" role=\"document\"><div class=\"modal-content fusion-modal-content\"><div class=\"modal-header\"><button class=\"close\" type=\"button\" data-dismiss=\"modal\" aria-hidden=\"true\" aria-label=\"Close\">&times;<\/button><h3 class=\"modal-title\" id=\"modal-heading-1\" data-dismiss=\"modal\" aria-hidden=\"true\">GREAT EVENTS<\/h3><\/div><div class=\"modal-body fusion-clearfix\"><img decoding=\"async\" class=\"lazyload size-full wp-image-11749 aligncenter\" src=\"data:image\/svg+xml,%3Csvg%20xmlns%3D%27http%3A%2F%2Fwww.w3.org%2F2000%2Fsvg%27%20width%3D%27210%27%20height%3D%27117%27%20viewBox%3D%270%200%20210%20117%27%3E%3Crect%20width%3D%27210%27%20height%3D%27117%27%20fill-opacity%3D%220%22%2F%3E%3C%2Fsvg%3E\" data-orig-src=\"http:\/\/giovannibozzetti.it\/wp-content\/uploads\/2016\/02\/logoComune.jpg\" alt=\"logoComune\" width=\"210\" height=\"117\" \/><span class=\"fusion-dropcap dropcap\">H<\/span>ere is a synthetic range of events that I organised as a councilman:<\/p>\n<p>MILANO RINGRAZIA<br \/>\nA day dedicated to the Armed Forces and the Police during which Milan thanked the daily sacrifice given generously to guard the safety of the community. Present at the event were the Frecce Tricolori, several units and military bands (the Navy\u2019s, the Carabinieri\u2019s, the State Police\u2019s and the Financial Guard\u2019s) performing evocative concerts in the main squares of the city. Historical exhibitions, launch of paratroopers and parades closed the program with a big and enthusiastic public attendance.<\/p>\n<p>HONOUR TO 12.000 TROOPERS ENGAGED IN PEACEKEEPING OPERATIONS IN FOREIGN COUNTRIES<br \/>\nParticularly significant where the live TV broadcast from Piazza del Duomo, during the Christmas concerts, to our soldiers engaged in peacekeeping operations in Iraq, Afghanistan and Kosovo. Our boys in uniform are taking a message of peace and hope to distant lands, where their own life is at risk, as in Nasiriyah, threatened by enemies of peace, liberty and civilised coexistence. Thanks to their courage and humanity, they are keeping the Italian flag flying and they are the pride of our Nation. That is why, during Christmas, I wanted to broadcast to them our greetings, to make them feel a little closer to home and to show them the gratitude of Milan for their commitment.<\/p>\n<p>ALL-NIGHT FETIVAL \u2013 MILANO LIVE<br \/>\nI created and organised an all-night festival in Milan with 400 events all around the city which entertained more than a million people. Amusement, culture, sport, games, shopping, cuisine, music, people grouping together: these are the main ingredients for the success of this event. In the four editions that I promoted we experienced a lively city, we were joined by a merry crowd scattered in squares and streets without any tension, but full of joy and pride. Families, grandparents, children and grandchildren, all together in a great moment of sharing and, as confirmed by the police headquarters, without incidents, proving that public areas should also be kept alive as a deterrent against violence.<\/p>\n<p>HOLIDAY IN MILAN<br \/>\nI revolutionised the traditional summer meeting in Piazza del Cannone expanding its duration and enriching the programme with several proposals addressed to families, elderly, youth and children. With food service prices reduced (10\u20ac per meal), organised tours, and a free lunch for the elderly on 15 August, the summer programme resulted in a great success. Since I started being in charge of the organisation of this meeting, the number of attendees increased from 180.000 to 300.000.<\/p>\n<p>CHISTMAS IN MILAN<br \/>\nI also actualised, amusing the Milanese citizenry from Saint Ambrose (7th December) to Epiphany (6th January), Christmas-related events, such as:<br \/>\n&#8211; the setting of and ice skating rink in Piazza del Duomo;<br \/>\n&#8211; Nativity Scenes exposition;<br \/>\n&#8211; Christmas concerts in Piazza del Duomo (notable performances by Pooh, Lucio Dalla, Claudio Baglioni and Gigi D\u2019Alessio);<br \/>\n&#8211; New Year\u2019s concerts (notable performances by Katia Ricciarelli, Antonella Ruggiero, Jenny B, Amii Stewart, Cecilia Gasdia, Demo Morsellli, Matia Bazat, Camaleonti and Litfiba);<br \/>\n&#8211; Concerts held in the Duomo and in Santa Maria delle Grazie (notable performances by Ivana Spagna, Amii Stewart, Suzanne Vega, Montserrat Caball\u00e8, Renato Bruson, Montserrat Mart\u00ec, Rossana Potenza, Jos\u00e8 Collado, Ezio Rojatti, Cecilia Gasdia, Antonella Ruggiero, Syria and Noa);<br \/>\n&#8211; travelling shows;<br \/>\n&#8211; events for children;<\/p>\n<p>CARNIVAL MASQUERADES<br \/>\nThe Carnival masquerades of Milan have been brought to their former glory, with big shows in Piazza del Duomo which enchanted a huge quantity of people. The concerts, the parading floats, the historical alliance with the Carnival masquerades of Viareggio, the free make up stations, the shows for children bring to the city a breath of joy.<\/p>\n<p>A BEACH AT ARCO DELLA PACE<br \/>\nI created the summer beach in the evocative setting of Arco della Pace. Over 500 thousand citizens gathered to enjoy beach beds, umbrellas, swimming pools, and beach volleyball courts with the sole purpose of having fun, getting tanned and relaxing in the centre the city. The event, completely free, allowed children, families, and the elderly who could not spend the holidays away to enjoy the \u201cseaside\u201d in the very heart of Milan.<\/p>\n<p>CHARITY<br \/>\nI wanted every event to be related to a charity initiative to raise funds for NPOs and associations of different nature. Thanks to the generosity of our citizens we could finance important projects of Unicef, Atlha, Telefono Azzurro, AIRC, Ospedale Pediatrico Buzzi, Areco (Italian foundation for the European Research in Oncology Surgeon &#8211; NPO), Italian Foundation \u201cLeonardo Giambrone\u201dfor healing from thalassaemia, father Antonio Mazzi\u2019s Exodus Community, \u201cBorse di studio Matteo Cavenaghi\u201d Association, Centro Medico San Patrignano for HIV-Infected Adolescents and Young Adults, \u201cAiutare i Bambini\u201d Association, \u201cTerry Fox\u201d Foundation, and \u201cLega Italiana per la Lotta contro i Tumori\u201d.<\/p>\n<p>WINTER VILLAGE<br \/>\nAfter the seaside, the city could not lack the mountain. I organised the setting of artificial ski slopes and ice skating rinks to get the citizens of Milan acquainted to winter sports.<\/p>\n<p>CONCERTS AT SAN SIRO<br \/>\nI activated promptly to allow concerts to be performed at San Siro, including acts such as: Bruce Springsteen, the Rolling Stones, Vasco Rossi, Claudio Baglioni, U2 and Renato Zero.<\/div><div class=\"modal-footer\"><button class=\"fusion-button button-default button-medium button default medium\" type=\"button\" data-dismiss=\"modal\">Close<\/button><\/div><\/div><\/div><\/div><div class=\"fusion-clearfix\"><\/div><\/div><\/div><div class=\"fusion-layout-column fusion_builder_column fusion-builder-column-9 fusion_builder_column_1_1 1_1 fusion-one-full fusion-column-first fusion-column-last fusion-column-no-min-height\" style=\"--awb-bg-size:cover;--awb-margin-bottom:0px;\"><div class=\"fusion-column-wrapper fusion-flex-column-wrapper-legacy\"><div class=\"fusion-modal modal fade modal-2 iniziativa_moda\" tabindex=\"-1\" role=\"dialog\" aria-labelledby=\"modal-heading-2\" aria-hidden=\"true\" style=\"--awb-border-color:#ebebeb;--awb-background:#ffffff;\"><div class=\"modal-dialog modal-lg\" role=\"document\"><div class=\"modal-content fusion-modal-content\"><div class=\"modal-header\"><button class=\"close\" type=\"button\" data-dismiss=\"modal\" aria-hidden=\"true\" aria-label=\"Close\">&times;<\/button><h3 class=\"modal-title\" id=\"modal-heading-2\" data-dismiss=\"modal\" aria-hidden=\"true\">Fashion<\/h3><\/div><div class=\"modal-body fusion-clearfix\"><img decoding=\"async\" class=\"lazyload size-full wp-image-12332 aligncenter\" src=\"http:\/\/giovannibozzetti.it\/wp-content\/uploads\/2016\/02\/milanodimoda.jpg\" data-orig-src=\"http:\/\/giovannibozzetti.it\/wp-content\/uploads\/2016\/02\/milanodimoda.jpg\" alt=\"milanodimoda\" width=\"160\" height=\"113\" srcset=\"data:image\/svg+xml,%3Csvg%20xmlns%3D%27http%3A%2F%2Fwww.w3.org%2F2000%2Fsvg%27%20width%3D%27160%27%20height%3D%27113%27%20viewBox%3D%270%200%20160%20113%27%3E%3Crect%20width%3D%27160%27%20height%3D%27113%27%20fill-opacity%3D%220%22%2F%3E%3C%2Fsvg%3E\" data-srcset=\"https:\/\/www.giovannibozzetti.it\/wp-content\/uploads\/2016\/02\/milanodimoda-24x17.jpg 24w, https:\/\/www.giovannibozzetti.it\/wp-content\/uploads\/2016\/02\/milanodimoda-36x25.jpg 36w, https:\/\/www.giovannibozzetti.it\/wp-content\/uploads\/2016\/02\/milanodimoda-48x34.jpg 48w, https:\/\/www.giovannibozzetti.it\/wp-content\/uploads\/2016\/02\/milanodimoda.jpg 160w\" data-sizes=\"auto\" data-orig-sizes=\"(max-width: 160px) 100vw, 160px\" \/><\/p>\n<span class=\"fusion-dropcap dropcap\">I<\/span> tried to have people perceive fashion not as an unnecessary thing, represented by coated parades, but as one of the main economic engines for our Country and for Milan, as well as a form of culture and art. Here is a concise description of the principal initiatives I promoted<\/p>\n<p>MILAN MEETS FAHION<br \/>\nFashion, which is often accused to be exclusively for a few professionals, is, on my own initiative and for the first time, taken to the general public in the Galleria Vittorio Emanuele, with fashion shows put on by the great stylists (Missoni, Coveri, Curiel, Krizia, Moschino, Laura Biagiotti, Lidia Cardinale, Ercole Barile, I Pinco Pallino) at the Ottagono, but, unlike any other time, open to everyone. Meetings between the citizens and the most important experts like Stefano Gabbana, Domenico Dolce, Mario Boselli, Beppe Modenese, Santo Versace, Paolo Zegna, and Gaetano Marzotto among others, allow to understand how fashion is not something vacuous and ephemeral, but rather art and creativity, being one of the sectors capable of boosting the development of both Milan and the national economy in several aspects, including employment and urban promotion.<\/p>\n<p>MILANO DI MODA<br \/>\nAlways keeping in mind the aim of having the citizenry more involved in this great city excellence, I created \u201cMilanodimoda\u201d, an exhibition which includes a series of events organised in the city during the \u201cFashion Week\u201d, freely accessible to everyone. Show rooms, shops, theatres, art galleries, companies, stylists, and whole areas (such as Brera) participate in the initiative creating a vivacious, lively, and international atmosphere all over the city.<\/p>\n<p>STATES-GENERAL OF FASHION<br \/>\nNoticing the necessity of shaking up the sector, oppressed by a dramatic crisis due to a series of factors, I decide to organise, together with CCIAA, the states-general of fashion, mobilising the whole production chain, and the sector operators and reporters. The initiative allows to draw all the public administrations\u2019 attention to the need to firmly support Fashion, not to stay powerless in front of its relentless demise. The great success of the work, coordinated by Bruno Vespa among others, gives way to an important debate by which several initiatives to emerge from the crisis are elaborated.<\/p>\n<p>MILAN STUDIES FASHION<br \/>\nIt is necessary to believe in young people, in their driving force, creativity, and innovation. This is what I have always stated and, to tangibly help youth, I devised the exhibition \u201cMilano studia la moda\u201d, in collaboration with the fifteen Fashion Schools located in Milan. The event has become, through the years, a crucial appointment for the world of Fashion to raise students and their activities to the status of protagonists, having them meet with the industry sector. This ideal meeting point between supply and demand allowed a lot of students to find a job. Noteworthy were the meetings with prestigious schools from the U.S.A., England, Australia, South Africa and Mexico.<\/p>\n<p>FASHION CITY<br \/>\nI partook in the working group which finally launched \u201cCitt\u00e0 della Moda\u201d, healing a deep ten-year wound in the urban fabric of the city. The University of Fashion, the spaces for parades, the show room, the museum, the great park, the creations which are springing up represent the feather in the cap of the city, promoting the whole area.<\/div><div class=\"modal-footer\"><button class=\"fusion-button button-default button-medium button default medium\" type=\"button\" data-dismiss=\"modal\">Close<\/button><\/div><\/div><\/div><\/div><div class=\"fusion-clearfix\"><\/div><\/div><\/div><div class=\"fusion-layout-column fusion_builder_column fusion-builder-column-10 fusion_builder_column_1_1 1_1 fusion-one-full fusion-column-first fusion-column-last fusion-column-no-min-height\" style=\"--awb-bg-size:cover;--awb-margin-bottom:0px;\"><div class=\"fusion-column-wrapper fusion-flex-column-wrapper-legacy\"><div class=\"fusion-modal modal fade modal-3 iniziativa_turismo\" tabindex=\"-1\" role=\"dialog\" aria-labelledby=\"modal-heading-3\" aria-hidden=\"true\" style=\"--awb-border-color:#ebebeb;--awb-background:#ffffff;\"><div class=\"modal-dialog modal-lg\" role=\"document\"><div class=\"modal-content fusion-modal-content\"><div class=\"modal-header\"><button class=\"close\" type=\"button\" data-dismiss=\"modal\" aria-hidden=\"true\" aria-label=\"Close\">&times;<\/button><h3 class=\"modal-title\" id=\"modal-heading-3\" data-dismiss=\"modal\" aria-hidden=\"true\">Tourism<\/h3><\/div><div class=\"modal-body fusion-clearfix\"><img decoding=\"async\" class=\"lazyload size-full wp-image-11749 aligncenter\" src=\"data:image\/svg+xml,%3Csvg%20xmlns%3D%27http%3A%2F%2Fwww.w3.org%2F2000%2Fsvg%27%20width%3D%27210%27%20height%3D%27117%27%20viewBox%3D%270%200%20210%20117%27%3E%3Crect%20width%3D%27210%27%20height%3D%27117%27%20fill-opacity%3D%220%22%2F%3E%3C%2Fsvg%3E\" data-orig-src=\"http:\/\/giovannibozzetti.it\/wp-content\/uploads\/2016\/02\/logoComune.jpg\" alt=\"logoComune\" width=\"210\" height=\"117\" \/><\/p>\n<span class=\"fusion-dropcap dropcap\">M<\/span>ilan is the second Italian tourist destination as regards both tourism expenditure and number of visitors. This largely because of business, being Milan the Italian economic and financial capital and thanks to fashion and an innovative exhibition complex. I succeeded in the challenging task of coordinating all the tour operators and giving a culture change springing awareness of the fact that Milan is more and more a tourist destination, being leisure a more appealing element and because of a strengthened business network. That is why Milan, in contrast to the rest of Italy, in 2004 increased by 10% the number of visitors reaching 10 million.<\/p>\n<p>TABLE OF TOURISM<br \/>\nThe first act of his mandate was to gather around a table all those who play a part with regard to tourism in the city, in order to elaborate jointly development strategies and policies for tourism in Milan. Taking part in the debate, chaired by the Alderman, are Assolombarda, Camera di Commercio, Unione del Commercio, Touring Club, Universit\u00e0 Cattolica, Bocconi and Iulm, ADA (Hotel Manager Association), E.P.A.M (Milanese Provincial Association for Restaurants and Catering), SILB (Italian Association of Dance Hall Entrepreneurs), Fiera s.p.a., APAM (Provincial Association of Milanese Hoteliers), and ATM.<\/p>\n<p>TOURISM WEBSITE OF MILAN \u2013 WWW.TURISMO.COMUNE.MILANO.IT<br \/>\nThis futuristic tourism portal, developed at Tavolo del Turismo, was awarded by Federculture for technological innovations. In 2004, the website grew richer thanks to \u201cArounder Milano\u201d: a new online editorial format intended for a virtual exploration of the most relevant cultural places and tourist destinations of Milan via digital 360\u00b0 panoramic imaging. In fact, it offers twenty-seven images users can browse depicting astonishing monuments, such as the Duomo, the Basilica of Sant\u2019Ambrogio, The Last Supper and Santa Maria delle Grazie.<\/p>\n<p>MEETING MILANO<br \/>\nAnother product conceived at Tavolo del Turismo is the Meeting Card, a free card intended for business men arriving in Milan ensuring a privileged access to some paid services. This is particularly appreciated by foreign brokers. The project \u201cMeeting Milano\u201d integrates with info-points located in the Milanese airports, in Fiera Milano City and Fiera Milano. Conveying tourist information about the city is critically important to develop tourism fluxes.<\/p>\n<p>EASY-TOURIST DESTINATIONS<br \/>\nIn order to know more thoroughly our city and to discover its most hidden monumental, architectural, and artistic beauty, I realised, together with Universit\u00e0 Cattolica, a series of guides with eighteen different tourist routes, available both in Italian and English.<\/p>\n<p>I.A.T.- INFORMATION AND TOURIST WELCOME<br \/>\nTavolo del Turismo, with the important addition of the Province of Milan, in accordance with the Regional Law for Tourism, opened its main tourist information headquarters in the city in Piazza del Duomo, in the spaces of the former Diurno Co\u2019 Bianchi, completely refurbished and embellished by the Roman excavation found during the process<\/div><div class=\"modal-footer\"><button class=\"fusion-button button-default button-medium button default medium\" type=\"button\" data-dismiss=\"modal\">Close<\/button><\/div><\/div><\/div><\/div><div class=\"fusion-clearfix\"><\/div><\/div><\/div><\/div><\/div><div class=\"fusion-fullwidth fullwidth-box fusion-builder-row-3 hundred-percent-fullwidth non-hundred-percent-height-scrolling\" style=\"--awb-border-radius-top-left:0px;--awb-border-radius-top-right:0px;--awb-border-radius-bottom-right:0px;--awb-border-radius-bottom-left:0px;--awb-overflow:visible;--awb-margin-bottom:20px;--awb-background-color:rgba(255,255,255,0);--awb-flex-wrap:wrap;\" ><div class=\"fusion-builder-row fusion-row\"><div class=\"fusion-layout-column fusion_builder_column fusion-builder-column-11 fusion_builder_column_1_1 1_1 fusion-one-full fusion-column-first fusion-column-last fusion-column-no-min-height\" style=\"--awb-bg-size:cover;--awb-margin-bottom:0px;\"><div class=\"fusion-column-wrapper fusion-flex-column-wrapper-legacy\"><div class=\"fusion-sep-clear\"><\/div><div class=\"fusion-separator fusion-full-width-sep\" style=\"margin-left: auto;margin-right: auto;width:100%;\"><\/div><div class=\"fusion-sep-clear\"><\/div><div class=\"fusion-clearfix\"><\/div><\/div><\/div><\/div><\/div><div class=\"fusion-fullwidth fullwidth-box fusion-builder-row-4 container_iniz nonhundred-percent-fullwidth non-hundred-percent-height-scrolling fusion-equal-height-columns\" style=\"--awb-background-position:left top;--awb-border-sizes-top:0px;--awb-border-sizes-bottom:0px;--awb-border-sizes-left:0px;--awb-border-sizes-right:0px;--awb-border-radius-top-left:0px;--awb-border-radius-top-right:0px;--awb-border-radius-bottom-right:0px;--awb-border-radius-bottom-left:0px;--awb-padding-top:20px;--awb-padding-bottom:20px;--awb-flex-wrap:wrap;\" ><div class=\"fusion-builder-row fusion-row\"><div class=\"fusion-layout-column fusion_builder_column fusion-builder-column-12 fusion_builder_column_1_6 1_6 fusion-one-sixth fusion-column-first fusion-no-small-visibility\" style=\"--awb-bg-size:cover;width:13.3333%; margin-right: 4%;\"><div class=\"fusion-column-wrapper fusion-flex-column-wrapper-legacy\"><div class=\"fusion-clearfix\"><\/div><\/div><\/div><div class=\"fusion-layout-column fusion_builder_column fusion-builder-column-13 fusion_builder_column_1_4 1_4 fusion-one-fourth\" style=\"--awb-bg-size:cover;width:22%; margin-right: 4%;\"><div class=\"fusion-column-wrapper fusion-flex-column-wrapper-legacy\"><div class=\"fusion-align-block\"><a class=\"fusion-button button-flat button-large button-custom fusion-button-default button-4 fusion-button-span-yes iniziativa\" style=\"--button_accent_color:#ffffff;--button_accent_hover_color:#ffffff;--button_border_hover_color:#ffffff;--button_border_width-top:0px;--button_border_width-right:0px;--button_border_width-bottom:0px;--button_border_width-left:0px;--button_gradient_top_color:#565b5f;--button_gradient_bottom_color:#565b5f;--button_gradient_top_color_hover:#22abe4;--button_gradient_bottom_color_hover:#22abe4;\" target=\"_self\" href=\"#\" data-toggle=\"modal\" data-target=\".fusion-modal.iniziativa_fiera\"><span class=\"fusion-button-text\">EXHIBITION<\/span><i class=\" fa fa-chevron-right button-icon-right\" aria-hidden=\"true\"><\/i><\/a><\/div><div class=\"fusion-clearfix\"><\/div><\/div><\/div><div class=\"fusion-layout-column fusion_builder_column fusion-builder-column-14 fusion_builder_column_1_4 1_4 fusion-one-fourth\" style=\"--awb-bg-size:cover;width:22%; margin-right: 4%;\"><div class=\"fusion-column-wrapper fusion-flex-column-wrapper-legacy\"><div class=\"fusion-align-block\"><a class=\"fusion-button button-flat button-large button-custom fusion-button-default button-5 fusion-button-span-yes iniziativa\" style=\"--button_accent_color:#ffffff;--button_accent_hover_color:#ffffff;--button_border_hover_color:#ffffff;--button_border_width-top:0px;--button_border_width-right:0px;--button_border_width-bottom:0px;--button_border_width-left:0px;--button_gradient_top_color:#565b5f;--button_gradient_bottom_color:#565b5f;--button_gradient_top_color_hover:#22abe4;--button_gradient_bottom_color_hover:#22abe4;\" target=\"_self\" href=\"#\" data-toggle=\"modal\" data-target=\".fusion-modal.iniziativa_marketing\"><span class=\"fusion-button-text\">URBAN MARKETING<\/span><i class=\" fa fa-chevron-right button-icon-right\" aria-hidden=\"true\"><\/i><\/a><\/div><div class=\"fusion-clearfix\"><\/div><\/div><\/div><div class=\"fusion-layout-column fusion_builder_column fusion-builder-column-15 fusion_builder_column_1_4 1_4 fusion-one-fourth\" style=\"--awb-bg-size:cover;width:22%; margin-right: 4%;\"><div class=\"fusion-column-wrapper fusion-flex-column-wrapper-legacy\"><div class=\"fusion-align-block\"><a class=\"fusion-button button-flat button-large button-custom fusion-button-default button-6 fusion-button-span-yes iniziativa\" style=\"--button_accent_color:#ffffff;--button_accent_hover_color:#ffffff;--button_border_hover_color:#ffffff;--button_border_width-top:0px;--button_border_width-right:0px;--button_border_width-bottom:0px;--button_border_width-left:0px;--button_gradient_top_color:#565b5f;--button_gradient_bottom_color:#565b5f;--button_gradient_top_color_hover:#22abe4;--button_gradient_bottom_color_hover:#22abe4;\" target=\"_self\" href=\"#\" data-toggle=\"modal\" data-target=\".fusion-modal.iniziativa_relazioni\"><span class=\"fusion-button-text\">INTERNATIONAL RELATIONS<\/span><i class=\" fa fa-chevron-right button-icon-right\" aria-hidden=\"true\"><\/i><\/a><\/div><div class=\"fusion-clearfix\"><\/div><\/div><\/div><div class=\"fusion-layout-column fusion_builder_column fusion-builder-column-16 fusion_builder_column_1_1 1_1 fusion-one-full fusion-column-last fusion-column-no-min-height\" style=\"--awb-bg-size:cover;--awb-margin-bottom:0px;\"><div class=\"fusion-column-wrapper fusion-flex-column-wrapper-legacy\"><div class=\"fusion-modal modal fade modal-4 iniziativa_fiera\" tabindex=\"-1\" role=\"dialog\" aria-labelledby=\"modal-heading-4\" aria-hidden=\"true\" style=\"--awb-border-color:#ebebeb;--awb-background:#ffffff;\"><div class=\"modal-dialog modal-lg\" role=\"document\"><div class=\"modal-content fusion-modal-content\"><div class=\"modal-header\"><button class=\"close\" type=\"button\" data-dismiss=\"modal\" aria-hidden=\"true\" aria-label=\"Close\">&times;<\/button><h3 class=\"modal-title\" id=\"modal-heading-4\" data-dismiss=\"modal\" aria-hidden=\"true\">EXHIBITION<\/h3><\/div><div class=\"modal-body fusion-clearfix\"><img decoding=\"async\" class=\"lazyload size-full wp-image-12331 aligncenter\" src=\"http:\/\/giovannibozzetti.it\/wp-content\/uploads\/2016\/02\/fieraMilano.jpg\" data-orig-src=\"http:\/\/giovannibozzetti.it\/wp-content\/uploads\/2016\/02\/fieraMilano.jpg\" alt=\"fieraMilano\" width=\"160\" height=\"100\" srcset=\"data:image\/svg+xml,%3Csvg%20xmlns%3D%27http%3A%2F%2Fwww.w3.org%2F2000%2Fsvg%27%20width%3D%27160%27%20height%3D%27100%27%20viewBox%3D%270%200%20160%20100%27%3E%3Crect%20width%3D%27160%27%20height%3D%27100%27%20fill-opacity%3D%220%22%2F%3E%3C%2Fsvg%3E\" data-srcset=\"https:\/\/www.giovannibozzetti.it\/wp-content\/uploads\/2016\/02\/fieraMilano-24x15.jpg 24w, https:\/\/www.giovannibozzetti.it\/wp-content\/uploads\/2016\/02\/fieraMilano-36x23.jpg 36w, https:\/\/www.giovannibozzetti.it\/wp-content\/uploads\/2016\/02\/fieraMilano-48x30.jpg 48w, https:\/\/www.giovannibozzetti.it\/wp-content\/uploads\/2016\/02\/fieraMilano.jpg 160w\" data-sizes=\"auto\" data-orig-sizes=\"(max-width: 160px) 100vw, 160px\" \/><\/p>\n<span class=\"fusion-dropcap dropcap\">I<\/span> contributed to realising the Nuovo Polo Fieristico in Rho-Pero which, together with the spaces of Fiera Milan City (Portello), is considered to be the second largest exhibition complex so far. Significant is also the coordination with the Tavolo di Lavoro set up to promote the Nuova Fiera and to improve the consumers\u2019 condition of access.<\/p>\n<p>FUORI SALONE<br \/>\nCo order to make Milan more lively during the several trade shows taking place in the city I drew the attention of organisers and merchants associations to the necessity of promoting events open to everyone and appealing to every citizen, that is: events related to Fashion, Salone del Mobile, Fiera del Ciclo e Motociclo, Tau International, Borsa Internazionale del Turismo, Mipel, Micam etc.<\/div><div class=\"modal-footer\"><button class=\"fusion-button button-default button-medium button default medium\" type=\"button\" data-dismiss=\"modal\">Close<\/button><\/div><\/div><\/div><\/div><div class=\"fusion-clearfix\"><\/div><\/div><\/div><div class=\"fusion-layout-column fusion_builder_column fusion-builder-column-17 fusion_builder_column_1_1 1_1 fusion-one-full fusion-column-first fusion-column-last fusion-column-no-min-height\" style=\"--awb-bg-size:cover;--awb-margin-bottom:0px;\"><div class=\"fusion-column-wrapper fusion-flex-column-wrapper-legacy\"><div class=\"fusion-modal modal fade modal-5 iniziativa_marketing\" tabindex=\"-1\" role=\"dialog\" aria-labelledby=\"modal-heading-5\" aria-hidden=\"true\" style=\"--awb-border-color:#ebebeb;--awb-background:#ffffff;\"><div class=\"modal-dialog modal-lg\" role=\"document\"><div class=\"modal-content fusion-modal-content\"><div class=\"modal-header\"><button class=\"close\" type=\"button\" data-dismiss=\"modal\" aria-hidden=\"true\" aria-label=\"Close\">&times;<\/button><h3 class=\"modal-title\" id=\"modal-heading-5\" data-dismiss=\"modal\" aria-hidden=\"true\">URBAN MARKETING<\/h3><\/div><div class=\"modal-body fusion-clearfix\"><img decoding=\"async\" class=\"lazyload size-full wp-image-11749 aligncenter\" src=\"data:image\/svg+xml,%3Csvg%20xmlns%3D%27http%3A%2F%2Fwww.w3.org%2F2000%2Fsvg%27%20width%3D%27210%27%20height%3D%27117%27%20viewBox%3D%270%200%20210%20117%27%3E%3Crect%20width%3D%27210%27%20height%3D%27117%27%20fill-opacity%3D%220%22%2F%3E%3C%2Fsvg%3E\" data-orig-src=\"http:\/\/giovannibozzetti.it\/wp-content\/uploads\/2016\/02\/logoComune.jpg\" alt=\"logoComune\" width=\"210\" height=\"117\" \/><\/p>\n<span class=\"fusion-dropcap dropcap\">I<\/span>t is the assignment which thrilled me and kept me busy the most. Developing Urban Marketing activities means promoting the city internationally and attract investment.<\/p>\n<p>TAVOLO DEL MARKETING<br \/>\nI right away established, in collaboration with Promos, the Tavolo del Marketing, getting not only local authorities involved, but also representatives of municipally-owned utilities (AMSA, SEA, AEM, ATM), the city cultural institutions, the Chamber of Commerce, the Unione del Commercio, the main Universities, and the great economic and real estate groups active in the territory.<\/p>\n<p>ROAD SHOW-SISTEMA MILANO<br \/>\nAs I am a committed supporter of the necessity to work as a team, I organised, involving all the above-mentioned participants, a promotional tour supporting the Sistema Milano in four stops (New York, Moscow, Shanghai and S\u00e3o Paulo). Promoting the several Milanese excellences worldwide increased the international prestige of the city.<\/div><div class=\"modal-footer\"><button class=\"fusion-button button-default button-medium button default medium\" type=\"button\" data-dismiss=\"modal\">Close<\/button><\/div><\/div><\/div><\/div><div class=\"fusion-clearfix\"><\/div><\/div><\/div><div class=\"fusion-layout-column fusion_builder_column fusion-builder-column-18 fusion_builder_column_1_1 1_1 fusion-one-full fusion-column-first fusion-column-last fusion-column-no-min-height\" style=\"--awb-bg-size:cover;--awb-margin-bottom:0px;\"><div class=\"fusion-column-wrapper fusion-flex-column-wrapper-legacy\"><div class=\"fusion-modal modal fade modal-6 iniziativa_relazioni\" tabindex=\"-1\" role=\"dialog\" aria-labelledby=\"modal-heading-6\" aria-hidden=\"true\" style=\"--awb-border-color:#ebebeb;--awb-background:#ffffff;\"><div class=\"modal-dialog modal-lg\" role=\"document\"><div class=\"modal-content fusion-modal-content\"><div class=\"modal-header\"><button class=\"close\" type=\"button\" data-dismiss=\"modal\" aria-hidden=\"true\" aria-label=\"Close\">&times;<\/button><h3 class=\"modal-title\" id=\"modal-heading-6\" data-dismiss=\"modal\" aria-hidden=\"true\">INTERNATIONAL RELATIONS<\/h3><\/div><div class=\"modal-body fusion-clearfix\"><img decoding=\"async\" class=\"lazyload size-full wp-image-11749 aligncenter\" src=\"data:image\/svg+xml,%3Csvg%20xmlns%3D%27http%3A%2F%2Fwww.w3.org%2F2000%2Fsvg%27%20width%3D%27210%27%20height%3D%27117%27%20viewBox%3D%270%200%20210%20117%27%3E%3Crect%20width%3D%27210%27%20height%3D%27117%27%20fill-opacity%3D%220%22%2F%3E%3C%2Fsvg%3E\" data-orig-src=\"http:\/\/giovannibozzetti.it\/wp-content\/uploads\/2016\/02\/logoComune.jpg\" alt=\"logoComune\" width=\"210\" height=\"117\" \/><\/p>\n<span class=\"fusion-dropcap dropcap\">T<\/span>he activities I managed in the context of international relations allowed important cultural and experience exchange with cities similar to ours<\/p>\n<p>INTERNATIONAL MISSIONS<br \/>\nI am always involved in cultural and institutional exchange with the fourteen cities of which Milan is sister (Bethlehem, Birmingham, Chicago, Cracow, Dakar, Frankfurt, Lyon, Melbourne, Osaka, San Paolo, Saint Petersburg, Shanghai, Tel Aviv, Toronto) and with other important cities such as New York, Moscow, Beijing, Dubai, Seville, Miami an Jerusalem. Particularly relevant are the exchange of common experiences in managing big cities, and the agreements sealed.<\/p>\n<p>DECENTRALISED COOPERATION<br \/>\nSubstantial resources have been appointed to projects concerning support, and economic and healthcare development in struggling Countries, such as Romania, Senegal, Niger, Guinea Bissau, Darfur, Kenya, Capo Verde, Tanzania, Burkina Faso, Cameroon, Ecuador, Brazil, Albania, Morocco, Ukraine, Jordan, Serbia, Nicaragua, Argentina, and Afghanistan.<\/div><div class=\"modal-footer\"><button class=\"fusion-button button-default button-medium button default medium\" type=\"button\" data-dismiss=\"modal\">Close<\/button><\/div><\/div><\/div><\/div><div class=\"fusion-clearfix\"><\/div><\/div><\/div><\/div><\/div><div class=\"fusion-fullwidth fullwidth-box fusion-builder-row-5 hundred-percent-fullwidth non-hundred-percent-height-scrolling\" style=\"--awb-border-radius-top-left:0px;--awb-border-radius-top-right:0px;--awb-border-radius-bottom-right:0px;--awb-border-radius-bottom-left:0px;--awb-overflow:visible;--awb-margin-top:50px;--awb-margin-bottom:50px;--awb-background-color:rgba(255,255,255,0);--awb-flex-wrap:wrap;\" ><div class=\"fusion-builder-row fusion-row\"><div class=\"fusion-layout-column fusion_builder_column fusion-builder-column-19 fusion_builder_column_1_1 1_1 fusion-one-full fusion-column-first fusion-column-last fusion-column-no-min-height\" style=\"--awb-bg-size:cover;--awb-margin-bottom:0px;\"><div class=\"fusion-column-wrapper fusion-flex-column-wrapper-legacy\"><div class=\"fusion-sep-clear\"><\/div><div class=\"fusion-separator fusion-full-width-sep\" style=\"margin-left: auto;margin-right: auto;width:100%;\"><div class=\"fusion-separator-border sep-double sep-solid\" style=\"--awb-height:20px;--awb-amount:20px;border-color:#e0dede;border-top-width:1px;border-bottom-width:1px;\"><\/div><\/div><div class=\"fusion-sep-clear\"><\/div><div class=\"fusion-clearfix\"><\/div><\/div><\/div><\/div><\/div><div class=\"fusion-fullwidth fullwidth-box fusion-builder-row-6 nonhundred-percent-fullwidth non-hundred-percent-height-scrolling\" style=\"--awb-background-position:left top;--awb-border-sizes-top:0px;--awb-border-sizes-bottom:0px;--awb-border-sizes-left:0px;--awb-border-sizes-right:0px;--awb-border-radius-top-left:0px;--awb-border-radius-top-right:0px;--awb-border-radius-bottom-right:0px;--awb-border-radius-bottom-left:0px;--awb-padding-top:20px;--awb-padding-bottom:20px;--awb-flex-wrap:wrap;\" ><div class=\"fusion-builder-row fusion-row\"><div class=\"fusion-layout-column fusion_builder_column fusion-builder-column-20 fusion_builder_column_1_3 1_3 fusion-one-third fusion-column-first\" style=\"--awb-bg-size:cover;width:30.6666%; margin-right: 4%;\"><div class=\"fusion-column-wrapper fusion-flex-column-wrapper-legacy\"><div class=\"fusion-image-element fusion-image-align-center in-legacy-container\" style=\"text-align:center;--awb-caption-title-font-family:var(--h2_typography-font-family);--awb-caption-title-font-weight:var(--h2_typography-font-weight);--awb-caption-title-font-style:var(--h2_typography-font-style);--awb-caption-title-size:var(--h2_typography-font-size);--awb-caption-title-transform:var(--h2_typography-text-transform);--awb-caption-title-line-height:var(--h2_typography-line-height);--awb-caption-title-letter-spacing:var(--h2_typography-letter-spacing);\"><div class=\"imageframe-align-center\"><span class=\" fusion-imageframe imageframe-none imageframe-2 hover-type-none\"><img decoding=\"async\" src=\"data:image\/gif;base64,R0lGODlhAQABAAAAACH5BAEKAAEALAAAAAABAAEAAAICTAEAOw==\" data-orig-src=\"http:\/\/giovannibozzetti.it\/wp-content\/uploads\/2016\/02\/logoComune.jpg\" alt class=\"lazyload img-responsive\"\/><\/span><\/div><\/div><div class=\"fusion-clearfix\"><\/div><\/div><\/div><div class=\"fusion-layout-column fusion_builder_column fusion-builder-column-21 fusion_builder_column_2_3 2_3 fusion-two-third fusion-column-last\" style=\"--awb-bg-size:cover;width:65.3333%;\"><div class=\"fusion-column-wrapper fusion-flex-column-wrapper-legacy\"><div class=\"fusion-title title fusion-title-2 fusion-sep-none fusion-title-text fusion-title-size-two\"><h2 class=\"fusion-title-heading title-heading-left fusion-responsive-typography-calculated\" style=\"margin:0;--fontSize:24;line-height:1;\"><span id=\"result_box\" class=\"short_text\" lang=\"en\">MUNICIPAL <span class=\"alt-edited\">COUNCILLOR<\/span><\/span><\/h2><\/div><div class=\"fusion-text fusion-text-3\"><p><span class=\"fusion-dropcap dropcap\">Q<\/span>uale Consigliere Comunale ho proseguito il mio impegno per la citt\u00e0 di Milano sostenendo in particolare la candidatura all\u2019Expo, rivitalizzando la Citt\u00e0 attraverso la creazione di occasioni di socializzazione per i cittadini e contrastando le modalit\u00e0 applicative dell\u2019Ecopass che non erano in grado di risolvere i problemi dell\u2019inquinamento ma si traducevano esclusivamente in una tassa per i cittadini.<\/p>\n<\/div><div class=\"fusion-clearfix\"><\/div><\/div><\/div><\/div><\/div><div class=\"fusion-fullwidth fullwidth-box fusion-builder-row-7 container_iniz nonhundred-percent-fullwidth non-hundred-percent-height-scrolling fusion-equal-height-columns\" style=\"--awb-background-position:left top;--awb-border-sizes-top:0px;--awb-border-sizes-bottom:0px;--awb-border-sizes-left:0px;--awb-border-sizes-right:0px;--awb-border-radius-top-left:0px;--awb-border-radius-top-right:0px;--awb-border-radius-bottom-right:0px;--awb-border-radius-bottom-left:0px;--awb-padding-top:20px;--awb-padding-bottom:20px;--awb-flex-wrap:wrap;\" ><div class=\"fusion-builder-row fusion-row\"><div class=\"fusion-layout-column fusion_builder_column fusion-builder-column-22 fusion_builder_column_1_1 1_1 fusion-one-full fusion-column-first fusion-column-last fusion-column-no-min-height\" style=\"--awb-bg-size:cover;--awb-margin-bottom:0px;\"><div class=\"fusion-column-wrapper fusion-flex-column-wrapper-legacy\"><div class=\"fusion-text fusion-text-4\"><h2 style=\"text-align: center; font-size: 30px; line-height: 40px;\">Initiatives<\/h2>\n<\/div><div class=\"fusion-sep-clear\"><\/div><div class=\"fusion-separator fusion-has-icon sec_separat\" style=\"margin-left: auto;margin-right: auto;margin-bottom:60px;width:100%;max-width:65%;\"><div class=\"fusion-separator-border sep-single sep-solid\" style=\"--awb-height:20px;--awb-amount:20px;--awb-sep-color:#565b5f;border-color:#565b5f;border-top-width:1px;\"><\/div><span class=\"icon-wrapper\" style=\"border-color:transparent;font-size:14px;width: 1.75em; height: 1.75em;border-width:1px;padding:1px;margin-top:-0.5px\"><i class=\" fa fa-stop\" style=\"font-size: inherit;color:#565b5f;\" aria-hidden=\"true\"><\/i><\/span><div class=\"fusion-separator-border sep-single sep-solid\" style=\"--awb-height:20px;--awb-amount:20px;--awb-sep-color:#565b5f;border-color:#565b5f;border-top-width:1px;\"><\/div><\/div><div class=\"fusion-sep-clear\"><\/div><div class=\"fusion-clearfix\"><\/div><\/div><\/div><div class=\"fusion-layout-column fusion_builder_column fusion-builder-column-23 fusion_builder_column_1_6 1_6 fusion-one-sixth fusion-column-first fusion-no-small-visibility\" style=\"--awb-bg-size:cover;width:13.3333%; margin-right: 4%;\"><div class=\"fusion-column-wrapper fusion-flex-column-wrapper-legacy\"><div class=\"fusion-clearfix\"><\/div><\/div><\/div><div class=\"fusion-layout-column fusion_builder_column fusion-builder-column-24 fusion_builder_column_1_4 1_4 fusion-one-fourth\" style=\"--awb-bg-size:cover;width:22%; margin-right: 4%;\"><div class=\"fusion-column-wrapper fusion-flex-column-wrapper-legacy\"><div class=\"fusion-align-block\"><a class=\"fusion-button button-flat button-large button-custom fusion-button-default button-7 fusion-button-span-yes iniziativa\" style=\"--button_accent_color:#ffffff;--button_accent_hover_color:#ffffff;--button_border_hover_color:#ffffff;--button_border_width-top:0px;--button_border_width-right:0px;--button_border_width-bottom:0px;--button_border_width-left:0px;--button_gradient_top_color:#565b5f;--button_gradient_bottom_color:#565b5f;--button_gradient_top_color_hover:#22abe4;--button_gradient_bottom_color_hover:#22abe4;\" target=\"_self\" href=\"#\" data-toggle=\"modal\" data-target=\".fusion-modal.iniziativa_ticket\"><span class=\"fusion-button-text\">Ticket Antismog<\/span><i class=\" fa fa-chevron-right button-icon-right\" aria-hidden=\"true\"><\/i><\/a><\/div><div class=\"fusion-clearfix\"><\/div><\/div><\/div><div class=\"fusion-layout-column fusion_builder_column fusion-builder-column-25 fusion_builder_column_1_4 1_4 fusion-one-fourth\" style=\"--awb-bg-size:cover;width:22%; margin-right: 4%;\"><div class=\"fusion-column-wrapper fusion-flex-column-wrapper-legacy\"><div class=\"fusion-align-block\"><a class=\"fusion-button button-flat button-large button-custom fusion-button-default button-8 fusion-button-span-yes iniziativa\" style=\"--button_accent_color:#ffffff;--button_accent_hover_color:#ffffff;--button_border_hover_color:#ffffff;--button_border_width-top:0px;--button_border_width-right:0px;--button_border_width-bottom:0px;--button_border_width-left:0px;--button_gradient_top_color:#565b5f;--button_gradient_bottom_color:#565b5f;--button_gradient_top_color_hover:#22abe4;--button_gradient_bottom_color_hover:#22abe4;\" target=\"_self\" href=\"#\" data-toggle=\"modal\" data-target=\".fusion-modal.iniziativa_expo\"><span class=\"fusion-button-text\">Expo 2015<\/span><i class=\" fa fa-chevron-right button-icon-right\" aria-hidden=\"true\"><\/i><\/a><\/div><div class=\"fusion-clearfix\"><\/div><\/div><\/div><div class=\"fusion-layout-column fusion_builder_column fusion-builder-column-26 fusion_builder_column_1_1 1_1 fusion-one-full fusion-column-last fusion-column-no-min-height\" style=\"--awb-bg-size:cover;--awb-margin-bottom:0px;\"><div class=\"fusion-column-wrapper fusion-flex-column-wrapper-legacy\"><div class=\"fusion-modal modal fade modal-7 iniziativa_ticket\" tabindex=\"-1\" role=\"dialog\" aria-labelledby=\"modal-heading-7\" aria-hidden=\"true\" style=\"--awb-border-color:#ebebeb;--awb-background:#ffffff;\"><div class=\"modal-dialog modal-lg\" role=\"document\"><div class=\"modal-content fusion-modal-content\"><div class=\"modal-header\"><button class=\"close\" type=\"button\" data-dismiss=\"modal\" aria-hidden=\"true\" aria-label=\"Close\">&times;<\/button><h3 class=\"modal-title\" id=\"modal-heading-7\" data-dismiss=\"modal\" aria-hidden=\"true\">Ticket Antismog: it's just a thing for the citizen<\/h3><\/div><div class=\"modal-body fusion-clearfix\"><span class=\"fusion-dropcap dropcap\">I<\/span> have always expressed my opposition to the introduction of so-called &#8220;Ticket Antismog&#8221;, a measure never submitted to the City Council and one of the most important for the life of the city. I think it&#8217;s only a measure cloaked in environmentalism, but can not make any real advantage environmental type.<\/p>\n<blockquote><p>PParadoxically, the payment of a legitimate anti-smog ticket to pollute freely who can afford to pay it. The ticket is party before they were made the priority and preparatory measures for its application, and that it could also determine the real success. I refer to the development of public transport and bus lanes, to the decrease in the cost of taxi rides, the strengthening and improvement of the quality and safety in the public transport, the reduction of the most polluting boilers, replacing the car park municipality of the most polluting cars. But, best of the ticket, it could have set up an &#8220;operating tax&#8221; designed to infrastructure investments for the improvement of environmental conditions.<\/p><\/blockquote>\n<\/div><div class=\"modal-footer\"><button class=\"fusion-button button-default button-medium button default medium\" type=\"button\" data-dismiss=\"modal\">Close<\/button><\/div><\/div><\/div><\/div><div class=\"fusion-clearfix\"><\/div><\/div><\/div><div class=\"fusion-layout-column fusion_builder_column fusion-builder-column-27 fusion_builder_column_1_1 1_1 fusion-one-full fusion-column-first fusion-column-last fusion-column-no-min-height\" style=\"--awb-bg-size:cover;--awb-margin-bottom:0px;\"><div class=\"fusion-column-wrapper fusion-flex-column-wrapper-legacy\"><div class=\"fusion-modal modal fade modal-8 iniziativa_expo\" tabindex=\"-1\" role=\"dialog\" aria-labelledby=\"modal-heading-8\" aria-hidden=\"true\" style=\"--awb-border-color:#ebebeb;--awb-background:#ffffff;\"><div class=\"modal-dialog modal-lg\" role=\"document\"><div class=\"modal-content fusion-modal-content\"><div class=\"modal-header\"><button class=\"close\" type=\"button\" data-dismiss=\"modal\" aria-hidden=\"true\" aria-label=\"Close\">&times;<\/button><h3 class=\"modal-title\" id=\"modal-heading-8\" data-dismiss=\"modal\" aria-hidden=\"true\">Expo 2015<\/h3><\/div><div class=\"modal-body fusion-clearfix\"><span class=\"fusion-dropcap dropcap\">I<\/span><span id=\"result_box\" class=\"\" lang=\"en\" tabindex=\"-1\"> <span class=\"\">actively<\/span> supported the candidacy of the Lombard <span class=\"\">capital for the<\/span> <span class=\"\">Expo<\/span> award, collaborating in the realization of the great final evening took place <span class=\"\">March 30, 2008<\/span> <span class=\"\">at the Palace<\/span> of the Opera Garnier in Paris.<\/span><\/div><div class=\"modal-footer\"><button class=\"fusion-button button-default button-medium button default medium\" type=\"button\" data-dismiss=\"modal\">Close<\/button><\/div><\/div><\/div><\/div><div class=\"fusion-clearfix\"><\/div><\/div><\/div><\/div><\/div><\/p>\n","protected":false},"excerpt":{"rendered":"","protected":false},"author":1,"featured_media":0,"parent":14078,"menu_order":0,"comment_status":"closed","ping_status":"closed","template":"","meta":{"footnotes":""},"class_list":["post-14692","page","type-page","status-publish","hentry"],"yoast_head":"<!-- This site is optimized with the Yoast SEO plugin v25.4 - https:\/\/yoast.com\/wordpress\/plugins\/seo\/ -->\n<title>Comune di Milano | Giovanni Bozzetti<\/title>\n<meta name=\"robots\" content=\"index, follow, max-snippet:-1, max-image-preview:large, max-video-preview:-1\" \/>\n<link rel=\"canonical\" href=\"https:\/\/www.giovannibozzetti.it\/i-fatti\/comune-di-milano\/\" \/>\n<meta property=\"og:locale\" content=\"en_US\" \/>\n<meta property=\"og:type\" content=\"article\" \/>\n<meta property=\"og:title\" content=\"Comune di Milano | Giovanni Bozzetti\" \/>\n<meta property=\"og:url\" content=\"https:\/\/www.giovannibozzetti.it\/i-fatti\/comune-di-milano\/\" \/>\n<meta property=\"og:site_name\" content=\"Giovanni Bozzetti\" \/>\n<meta property=\"article:modified_time\" content=\"2024-08-02T13:53:18+00:00\" \/>\n<meta property=\"og:image\" content=\"http:\/\/giovannibozzetti.it\/wp-content\/uploads\/2016\/02\/logoComune.jpg\" \/>\n<meta name=\"twitter:card\" content=\"summary_large_image\" \/>\n<meta name=\"twitter:site\" content=\"@BozzettiGio\" \/>\n<meta name=\"twitter:label1\" content=\"Est. reading time\" \/>\n\t<meta name=\"twitter:data1\" content=\"21 minutes\" \/>\n<script type=\"application\/ld+json\" class=\"yoast-schema-graph\">{\"@context\":\"https:\/\/schema.org\",\"@graph\":[{\"@type\":\"WebPage\",\"@id\":\"https:\/\/www.giovannibozzetti.it\/i-fatti\/comune-di-milano\/\",\"url\":\"https:\/\/www.giovannibozzetti.it\/i-fatti\/comune-di-milano\/\",\"name\":\"Comune di Milano | Giovanni Bozzetti\",\"isPartOf\":{\"@id\":\"https:\/\/www.giovannibozzetti.it\/#website\"},\"primaryImageOfPage\":{\"@id\":\"https:\/\/www.giovannibozzetti.it\/i-fatti\/comune-di-milano\/#primaryimage\"},\"image\":{\"@id\":\"https:\/\/www.giovannibozzetti.it\/i-fatti\/comune-di-milano\/#primaryimage\"},\"thumbnailUrl\":\"http:\/\/giovannibozzetti.it\/wp-content\/uploads\/2016\/02\/logoComune.jpg\",\"datePublished\":\"2016-08-08T14:39:17+00:00\",\"dateModified\":\"2024-08-02T13:53:18+00:00\",\"breadcrumb\":{\"@id\":\"https:\/\/www.giovannibozzetti.it\/i-fatti\/comune-di-milano\/#breadcrumb\"},\"inLanguage\":\"en-US\",\"potentialAction\":[{\"@type\":\"ReadAction\",\"target\":[\"https:\/\/www.giovannibozzetti.it\/i-fatti\/comune-di-milano\/\"]}]},{\"@type\":\"ImageObject\",\"inLanguage\":\"en-US\",\"@id\":\"https:\/\/www.giovannibozzetti.it\/i-fatti\/comune-di-milano\/#primaryimage\",\"url\":\"http:\/\/giovannibozzetti.it\/wp-content\/uploads\/2016\/02\/logoComune.jpg\",\"contentUrl\":\"http:\/\/giovannibozzetti.it\/wp-content\/uploads\/2016\/02\/logoComune.jpg\"},{\"@type\":\"BreadcrumbList\",\"@id\":\"https:\/\/www.giovannibozzetti.it\/i-fatti\/comune-di-milano\/#breadcrumb\",\"itemListElement\":[{\"@type\":\"ListItem\",\"position\":1,\"name\":\"Home\",\"item\":\"https:\/\/www.giovannibozzetti.it\/en\/\"},{\"@type\":\"ListItem\",\"position\":2,\"name\":\"Career\",\"item\":\"https:\/\/www.giovannibozzetti.it\/en\/the-facts\/\"},{\"@type\":\"ListItem\",\"position\":3,\"name\":\"Comune di Milano\"}]},{\"@type\":\"WebSite\",\"@id\":\"https:\/\/www.giovannibozzetti.it\/#website\",\"url\":\"https:\/\/www.giovannibozzetti.it\/\",\"name\":\"Giovanni Bozzetti\",\"description\":\"La passione del fare, la sostanza dei fatti\",\"potentialAction\":[{\"@type\":\"SearchAction\",\"target\":{\"@type\":\"EntryPoint\",\"urlTemplate\":\"https:\/\/www.giovannibozzetti.it\/?s={search_term_string}\"},\"query-input\":{\"@type\":\"PropertyValueSpecification\",\"valueRequired\":true,\"valueName\":\"search_term_string\"}}],\"inLanguage\":\"en-US\"}]}<\/script>\n<!-- \/ Yoast SEO plugin. -->","yoast_head_json":{"title":"Comune di Milano | Giovanni Bozzetti","robots":{"index":"index","follow":"follow","max-snippet":"max-snippet:-1","max-image-preview":"max-image-preview:large","max-video-preview":"max-video-preview:-1"},"canonical":"https:\/\/www.giovannibozzetti.it\/i-fatti\/comune-di-milano\/","og_locale":"en_US","og_type":"article","og_title":"Comune di Milano | Giovanni Bozzetti","og_url":"https:\/\/www.giovannibozzetti.it\/i-fatti\/comune-di-milano\/","og_site_name":"Giovanni Bozzetti","article_modified_time":"2024-08-02T13:53:18+00:00","og_image":[{"url":"http:\/\/giovannibozzetti.it\/wp-content\/uploads\/2016\/02\/logoComune.jpg","type":"","width":"","height":""}],"twitter_card":"summary_large_image","twitter_site":"@BozzettiGio","twitter_misc":{"Est. reading time":"21 minutes"},"schema":{"@context":"https:\/\/schema.org","@graph":[{"@type":"WebPage","@id":"https:\/\/www.giovannibozzetti.it\/i-fatti\/comune-di-milano\/","url":"https:\/\/www.giovannibozzetti.it\/i-fatti\/comune-di-milano\/","name":"Comune di Milano | Giovanni Bozzetti","isPartOf":{"@id":"https:\/\/www.giovannibozzetti.it\/#website"},"primaryImageOfPage":{"@id":"https:\/\/www.giovannibozzetti.it\/i-fatti\/comune-di-milano\/#primaryimage"},"image":{"@id":"https:\/\/www.giovannibozzetti.it\/i-fatti\/comune-di-milano\/#primaryimage"},"thumbnailUrl":"http:\/\/giovannibozzetti.it\/wp-content\/uploads\/2016\/02\/logoComune.jpg","datePublished":"2016-08-08T14:39:17+00:00","dateModified":"2024-08-02T13:53:18+00:00","breadcrumb":{"@id":"https:\/\/www.giovannibozzetti.it\/i-fatti\/comune-di-milano\/#breadcrumb"},"inLanguage":"en-US","potentialAction":[{"@type":"ReadAction","target":["https:\/\/www.giovannibozzetti.it\/i-fatti\/comune-di-milano\/"]}]},{"@type":"ImageObject","inLanguage":"en-US","@id":"https:\/\/www.giovannibozzetti.it\/i-fatti\/comune-di-milano\/#primaryimage","url":"http:\/\/giovannibozzetti.it\/wp-content\/uploads\/2016\/02\/logoComune.jpg","contentUrl":"http:\/\/giovannibozzetti.it\/wp-content\/uploads\/2016\/02\/logoComune.jpg"},{"@type":"BreadcrumbList","@id":"https:\/\/www.giovannibozzetti.it\/i-fatti\/comune-di-milano\/#breadcrumb","itemListElement":[{"@type":"ListItem","position":1,"name":"Home","item":"https:\/\/www.giovannibozzetti.it\/en\/"},{"@type":"ListItem","position":2,"name":"Career","item":"https:\/\/www.giovannibozzetti.it\/en\/the-facts\/"},{"@type":"ListItem","position":3,"name":"Comune di Milano"}]},{"@type":"WebSite","@id":"https:\/\/www.giovannibozzetti.it\/#website","url":"https:\/\/www.giovannibozzetti.it\/","name":"Giovanni Bozzetti","description":"La passione del fare, la sostanza dei fatti","potentialAction":[{"@type":"SearchAction","target":{"@type":"EntryPoint","urlTemplate":"https:\/\/www.giovannibozzetti.it\/?s={search_term_string}"},"query-input":{"@type":"PropertyValueSpecification","valueRequired":true,"valueName":"search_term_string"}}],"inLanguage":"en-US"}]}},"_links":{"self":[{"href":"https:\/\/www.giovannibozzetti.it\/en\/wp-json\/wp\/v2\/pages\/14692"}],"collection":[{"href":"https:\/\/www.giovannibozzetti.it\/en\/wp-json\/wp\/v2\/pages"}],"about":[{"href":"https:\/\/www.giovannibozzetti.it\/en\/wp-json\/wp\/v2\/types\/page"}],"author":[{"embeddable":true,"href":"https:\/\/www.giovannibozzetti.it\/en\/wp-json\/wp\/v2\/users\/1"}],"replies":[{"embeddable":true,"href":"https:\/\/www.giovannibozzetti.it\/en\/wp-json\/wp\/v2\/comments?post=14692"}],"version-history":[{"count":0,"href":"https:\/\/www.giovannibozzetti.it\/en\/wp-json\/wp\/v2\/pages\/14692\/revisions"}],"up":[{"embeddable":true,"href":"https:\/\/www.giovannibozzetti.it\/en\/wp-json\/wp\/v2\/pages\/14078"}],"wp:attachment":[{"href":"https:\/\/www.giovannibozzetti.it\/en\/wp-json\/wp\/v2\/media?parent=14692"}],"curies":[{"name":"wp","href":"https:\/\/api.w.org\/{rel}","templated":true}]}}